{"id":149,"date":"2018-12-28T17:41:58","date_gmt":"2018-12-28T16:41:58","guid":{"rendered":"https:\/\/www.ondinefrance.org\/?page_id=149"},"modified":"2020-09-03T18:33:58","modified_gmt":"2020-09-03T16:33:58","slug":"centre-de-references-du-syndrome-dondine","status":"publish","type":"page","link":"https:\/\/www.ondinefrance.org\/index.php\/centre-de-references-du-syndrome-dondine\/","title":{"rendered":"Centre de r\u00e9f\u00e9rences du syndrome d&rsquo;Ondine"},"content":{"rendered":"<p align=\"center\"><span style=\"text-align: center;\"><img loading=\"lazy\" decoding=\"async\" class=\"alignnone wp-image-317 size-medium\" src=\"https:\/\/www.ondinefrance.org\/wp-content\/uploads\/2020\/08\/logo_CMR-300x252.jpg\" alt=\"\" width=\"300\" height=\"252\" srcset=\"https:\/\/www.ondinefrance.org\/wp-content\/uploads\/2020\/08\/logo_CMR-300x252.jpg 300w, https:\/\/www.ondinefrance.org\/wp-content\/uploads\/2020\/08\/logo_CMR.jpg 371w\" sizes=\"auto, (max-width: 300px) 100vw, 300px\" \/><\/span><\/p>\n<p style=\"text-align: center;\">M\u00e9decin coordinateur:<br \/>\n<img loading=\"lazy\" decoding=\"async\" class=\"alignnone size-full wp-image-378\" src=\"https:\/\/www.ondinefrance.org\/wp-content\/uploads\/2020\/09\/icon_email.png\" alt=\"\" width=\"16\" height=\"16\" \/> <a href=\"mailto:ha.trang@rdb.aphp.fr\">Dr Ha TRANG<\/a><\/p>\n<p style=\"text-align: center;\">Comit\u00e9 de pilotage:<br \/>\n<img loading=\"lazy\" decoding=\"async\" class=\"alignnone size-full wp-image-378\" src=\"https:\/\/www.ondinefrance.org\/wp-content\/uploads\/2020\/09\/icon_email.png\" alt=\"\" width=\"16\" height=\"16\" \/> <a href=\"mailto:ha.trang@rdb.aphp.fr\">Dr Ha TRANG<\/a><br \/>\n<img loading=\"lazy\" decoding=\"async\" class=\"alignnone size-full wp-image-378\" src=\"https:\/\/www.ondinefrance.org\/wp-content\/uploads\/2020\/09\/icon_email.png\" alt=\"\" width=\"16\" height=\"16\" \/> <a href=\"mailto:christian.straus@psl.aphp.fr\">Dr Christian STRAUS<\/a><br \/>\n<img loading=\"lazy\" decoding=\"async\" class=\"alignnone size-full wp-image-378\" src=\"https:\/\/www.ondinefrance.org\/wp-content\/uploads\/2020\/09\/icon_email.png\" alt=\"\" width=\"16\" height=\"16\" \/> <a href=\"mailto:amiel@necker.fr\">Dr Jeanne AMIEL <\/a><br \/>\n<img loading=\"lazy\" decoding=\"async\" class=\"alignnone size-full wp-image-378\" src=\"https:\/\/www.ondinefrance.org\/wp-content\/uploads\/2020\/09\/icon_email.png\" alt=\"\" width=\"16\" height=\"16\" \/> <a href=\"mailto:stephane.dauger@rdb.aphp.fr\">Pr St\u00e9phane DAUGER<\/a><\/p>\n<hr \/>\n<p style=\"text-align: left;\"><strong><span style=\"color: #99cc00;\">COORDINATION DU CENTRE ONDINE &gt; SOINS DES ENFANTS &gt; RECHERCHE<\/span><\/strong><\/p>\n<p style=\"text-align: left;\" align=\"center\"><strong><a href=\"http:\/\/www.aphp.fr\/index.php?module=hopital&amp;action=hopitaux_detail&amp;vue=hopital_detail&amp;obj=33\"><img loading=\"lazy\" decoding=\"async\" class=\"size-full wp-image-34 alignleft\" src=\"https:\/\/www.ondinefrance.org\/wp-content\/uploads\/2020\/08\/Robert-debre-hopital.jpg\" alt=\"\" width=\"104\" height=\"65\" \/><\/a><\/strong><strong>H\u00d4PITAL ROBERT DEBR\u00c9<\/strong><br \/>\n48, boulevard Serurier &#8211; 75019 PARIS<br \/>\nT\u00e9l: 01 40 03 47 51 &#8211; Fax: 01 40 03 22 09<\/p>\n<ul>\n<li style=\"text-align: left;\">Service de Physiologie: <span class=\"Style1\"><img loading=\"lazy\" decoding=\"async\" class=\"alignnone size-full wp-image-378\" src=\"https:\/\/www.ondinefrance.org\/wp-content\/uploads\/2020\/09\/icon_email.png\" alt=\"\" width=\"16\" height=\"16\" \/> <\/span><a href=\"mailto:ha.trang@rdb.aphp.fr\">Dr Ha TRANG<\/a> \/ Dr Lyna HAMMOUDI \/ Dr Guillaume CARGILL \/ Dr Tarif MASRI-ZADA \/ Dr Claudine PEIFFER \/ <span class=\"Style1\"><img loading=\"lazy\" decoding=\"async\" class=\"alignnone size-full wp-image-378\" src=\"https:\/\/www.ondinefrance.org\/wp-content\/uploads\/2020\/09\/icon_email.png\" alt=\"\" width=\"16\" height=\"16\" \/> <\/span><a href=\"mailto:maria.millet@rdb.aphp.fr\">Mme Maria MILLET<\/a>.<\/li>\n<li style=\"text-align: left;\">Service de R\u00e9animation: <span class=\"Style1\"><img loading=\"lazy\" decoding=\"async\" class=\"alignnone size-full wp-image-378\" src=\"https:\/\/www.ondinefrance.org\/wp-content\/uploads\/2020\/09\/icon_email.png\" alt=\"\" width=\"16\" height=\"16\" \/> <\/span><a href=\"mailto:stephane.dauger@rdb.aphp.fr\">Pr <\/a><a href=\"mailto:stephane.dauger@rdb.aphp.fr\">St\u00e9phane DAUGER<\/a> \/ Dr Carole SAIZOU.<\/li>\n<li style=\"text-align: left;\">Service d&rsquo;ORL: Pr T. VAN DEN ABBELLE \/ Dr Martine FRANCOIS.<\/li>\n<li style=\"text-align: left;\">Service d&rsquo;Ophtalmologie: Pr Dominique BREMOND.<\/li>\n<li style=\"text-align: left;\">Service de Gastro-ent\u00e9rologie: Dr Marc BELLAICHE.<\/li>\n<li style=\"text-align: left;\">Service de Chirurgie visc\u00e9rale: Dr E. CARRICABURU \/ Dr P. PHILIPPE-CHOMETTE.<\/li>\n<li style=\"text-align: left;\">Service d&rsquo;Endocrinologie: Pr Juliane LEGER \/ Dr Georges GELWANE.<\/li>\n<li style=\"text-align: left;\">Service de Neurologie: Dr Isabelle HUSSON \/ Mme Jessica SAVE.<\/li>\n<li style=\"text-align: left;\">Service de G\u00e9n\u00e9tique Clinique: Dr Clarisse BAUMANN.<\/li>\n<li style=\"text-align: left;\">Service d&rsquo;Imagerie: Dr Monique ELMALEH.<\/li>\n<\/ul>\n<hr \/>\n<p><strong><span style=\"color: #99cc00; text-align: center;\">SOINS DES ADULTES &gt; RECHERCHE<\/span><\/strong><\/p>\n<p style=\"text-align: center;\" align=\"left\"><img loading=\"lazy\" decoding=\"async\" class=\"size-full wp-image-29 alignleft\" src=\"https:\/\/www.ondinefrance.org\/wp-content\/uploads\/2020\/08\/logo_pitie.gif\" alt=\"\" width=\"70\" height=\"75\" \/><\/p>\n<p style=\"text-align: left;\"><strong>H\u00d4PITAL<\/strong>\u00a0<strong>LA PITI\u00c9-SALP\u00caTRI\u00c8RE<br \/>\n<\/strong>47-83, boul. de l&rsquo;H\u00f4pital &#8211; 75013 Paris<br \/>\nT\u00e9l: 01 42 16 77 52 &#8211; Fax:\u00a0\u00a001 42 17 66 92<br \/>\n<span class=\"Style1\"><img loading=\"lazy\" decoding=\"async\" class=\"alignnone size-full wp-image-378\" src=\"https:\/\/www.ondinefrance.org\/wp-content\/uploads\/2020\/09\/icon_email.png\" alt=\"\" width=\"16\" height=\"16\" \/>\u00a0<a href=\"mailto:ondine.adulte@pls.aphp.fr\"><span style=\"color: #000000;\">ondine.adulte@pls.aphp.fr<\/span><\/a><\/span><\/p>\n<ul>\n<li>Explorations Fonctionnelles Respiratoires: <span class=\"Style1\"><img loading=\"lazy\" decoding=\"async\" class=\"alignnone size-full wp-image-378\" src=\"https:\/\/www.ondinefrance.org\/wp-content\/uploads\/2020\/09\/icon_email.png\" alt=\"\" width=\"16\" height=\"16\" \/> <\/span><a href=\"mailto:christian.straus@psl.aphp.fr\">Dr Christian STRAUS<\/a> \/ Dr Marie-H\u00e9l\u00e8ne BECQUEMIN.<\/li>\n<li>Service de Pneumologie et R\u00e9animation: <span class=\"Style1\"><img loading=\"lazy\" decoding=\"async\" class=\"alignnone size-full wp-image-378\" src=\"https:\/\/www.ondinefrance.org\/wp-content\/uploads\/2020\/09\/icon_email.png\" alt=\"\" width=\"16\" height=\"16\" \/> <\/span><a href=\"mailto:thomas.similowski@psl.aphp.fr\">Pr <\/a><a href=\"mailto:thomas.similowski@psl.aphp.fr\">Thomas SIMILOWSKI<\/a> \/ <span class=\"Style1\"><img loading=\"lazy\" decoding=\"async\" class=\"alignnone size-full wp-image-378\" src=\"https:\/\/www.ondinefrance.org\/wp-content\/uploads\/2020\/09\/icon_email.png\" alt=\"\" width=\"16\" height=\"16\" \/><\/span> <a href=\"mailto:jesus.gonzalez@psl.aphp.fr\">Dr J\u00e9sus GONZALEZ<\/a> \/ Dr Alexandre DUGUET.<\/li>\n<li>Service de Cardiologie: Dr Richard ISNARD \/ Dr Fran\u00e7oise HIDDEN-LUCET.<\/li>\n<li>Service d&rsquo;ORL: Dr Fr\u00e9d\u00e9ric TANKERE.<\/li>\n<li>Service d&rsquo;Ophtalmologie: Dr Christine FARDEAU.<\/li>\n<li>Service de Gastro-ent\u00e9rologie: Dr D. THABUT-DAMAIS.<\/li>\n<li>Service d&rsquo;Endocrinologie: Pr Philippe TOURAINE.<\/li>\n<li>Exploration du Sommeil: Dr E. ORVOEN-FRIJA \/ Dr Isabelle ARNULF.<\/li>\n<li>Neurologie: Dr Fr\u00e9d\u00e9ric SEDEL.<\/li>\n<li>Psychiatrie: Mme Agn\u00e8s BRION.<\/li>\n<\/ul>\n<hr \/>\n<p><strong><span style=\"color: #99cc00; text-align: center;\">ETUDE G\u00c9N\u00c9TIQUE &gt; RECHERCHE<\/span><\/strong><\/p>\n<p style=\"text-align: center;\" align=\"center\"><strong><a href=\"http:\/\/www.aphp.fr\/index.php?module=hopital&amp;action=hopitaux_detail&amp;vue=hopital_detail&amp;obj=28\"><img loading=\"lazy\" decoding=\"async\" class=\"size-full wp-image-377 alignleft\" src=\"https:\/\/www.ondinefrance.org\/wp-content\/uploads\/2020\/09\/logo_necker.png\" alt=\"\" width=\"40\" height=\"54\" \/><\/a><\/strong><\/p>\n<p style=\"text-align: left;\" align=\"center\"><strong>H\u00d4PITAL NECKER<br \/>\n<\/strong>149, rue de S\u00e8vres &#8211; 75006 Paris<br \/>\nT\u00e9l: 01 44 38 1507<\/p>\n<ul>\n<li style=\"text-align: left;\">D\u00e9partement de G\u00e9n\u00e9tique clinique: Pr Stanislas LYONNET \/ <span class=\"Style1\"><img loading=\"lazy\" decoding=\"async\" class=\"alignnone size-full wp-image-378\" src=\"https:\/\/www.ondinefrance.org\/wp-content\/uploads\/2020\/09\/icon_email.png\" alt=\"\" width=\"16\" height=\"16\" \/>\u00a0<\/span><a href=\"mailto:amiel@necker.fr\">Dr Jeanne AMIEL<\/a> \/ Dr Loic DEPONTUAL.<\/li>\n<\/ul>\n","protected":false},"excerpt":{"rendered":"<p>M\u00e9decin coordinateur: Dr Ha TRANG Comit\u00e9 de pilotage: Dr Ha TRANG Dr Christian STRAUS Dr Jeanne AMIEL Pr St\u00e9phane DAUGER COORDINATION DU CENTRE ONDINE &gt; SOINS DES ENFANTS &gt; RECHERCHE H\u00d4PITAL ROBERT DEBR\u00c9 48, boulevard Serurier &#8211; 75019 PARIS T\u00e9l: 01 40 03 47 51 &#8211; Fax: 01 40 03 22 09 Service de Physiologie: [&hellip;]<br \/><a href=\"https:\/\/www.ondinefrance.org\/index.php\/centre-de-references-du-syndrome-dondine\/\" class=\"more-link\" >Continue reading&#8230;<\/a><\/p>\n","protected":false},"author":1,"featured_media":0,"parent":0,"menu_order":0,"comment_status":"closed","ping_status":"closed","template":"","meta":{"footnotes":""},"class_list":["post-149","page","type-page","status-publish","hentry"],"_links":{"self":[{"href":"https:\/\/www.ondinefrance.org\/index.php\/wp-json\/wp\/v2\/pages\/149","targetHints":{"allow":["GET"]}}],"collection":[{"href":"https:\/\/www.ondinefrance.org\/index.php\/wp-json\/wp\/v2\/pages"}],"about":[{"href":"https:\/\/www.ondinefrance.org\/index.php\/wp-json\/wp\/v2\/types\/page"}],"author":[{"embeddable":true,"href":"https:\/\/www.ondinefrance.org\/index.php\/wp-json\/wp\/v2\/users\/1"}],"replies":[{"embeddable":true,"href":"https:\/\/www.ondinefrance.org\/index.php\/wp-json\/wp\/v2\/comments?post=149"}],"version-history":[{"count":24,"href":"https:\/\/www.ondinefrance.org\/index.php\/wp-json\/wp\/v2\/pages\/149\/revisions"}],"predecessor-version":[{"id":505,"href":"https:\/\/www.ondinefrance.org\/index.php\/wp-json\/wp\/v2\/pages\/149\/revisions\/505"}],"wp:attachment":[{"href":"https:\/\/www.ondinefrance.org\/index.php\/wp-json\/wp\/v2\/media?parent=149"}],"curies":[{"name":"wp","href":"https:\/\/api.w.org\/{rel}","templated":true}]}}